{"id":1819,"date":"2022-06-27T12:01:21","date_gmt":"2022-06-27T10:01:21","guid":{"rendered":"https:\/\/www.isalt-gestion.com\/isalt-the-fonds-strategique-de-participations\/les-representants-permanents-isalt\/"},"modified":"2025-10-24T15:40:03","modified_gmt":"2025-10-24T13:40:03","slug":"our-permanent-representatives","status":"publish","type":"page","link":"https:\/\/www.isalt-gestion.com\/en\/isalt-the-fonds-strategique-de-participations\/our-permanent-representatives\/","title":{"rendered":"Our Permanent Representatives"},"content":{"rendered":"<div class=\"wpb-content-wrapper\"><p>[vc_row css_animation=&#8221;&#8221; row_type=&#8221;row&#8221; use_row_as_full_screen_section=&#8221;no&#8221; type=&#8221;full_width&#8221; angled_section=&#8221;no&#8221; text_align=&#8221;left&#8221; background_image_as_pattern=&#8221;without_pattern&#8221; z_index=&#8221;&#8221;][vc_column][qode_elements_holder number_of_columns=&#8221;one_column&#8221;][qode_elements_holder_item advanced_animations=&#8221;no&#8221; item_padding=&#8221;120px 0 0 0&#8243; item_padding_480=&#8221;30px 0 0 0&#8243;][\/qode_elements_holder_item][\/qode_elements_holder][\/vc_column][\/vc_row][vc_row css_animation=&#8221;&#8221; row_type=&#8221;row&#8221; use_row_as_full_screen_section=&#8221;no&#8221; type=&#8221;full_width&#8221; angled_section=&#8221;no&#8221; text_align=&#8221;center&#8221; background_image_as_pattern=&#8221;without_pattern&#8221; z_index=&#8221;&#8221;][vc_column][qode_elements_holder number_of_columns=&#8221;one_column&#8221;][qode_elements_holder_item vertical_alignment=&#8221;middle&#8221; horizontal_alignment=&#8221;center&#8221; advanced_animations=&#8221;no&#8221; item_padding=&#8221;0px 25%&#8221; item_padding_480=&#8221;30px 20px 0px 20px&#8221;][vc_column_text css=&#8221;&#8221;]<\/p>\n<h3>A Community <em><span style=\"color: #fc7b43;\"> of Experts\u2028 <\/span><\/em><\/h3>\n<p>[\/vc_column_text][vc_separator type=&#8221;transparent&#8221; thickness=&#8221;1&#8243; up=&#8221;25&#8243; down=&#8221;0&#8243;][vc_column_text css=&#8221;&#8221;]<\/p>\n<h4>The Fonds Strat\u00e9gique de Participations (FSP) has chosen to be represented on the boards of its portfolio companies, as well as on specialized committees (audit and risk, strategy, ESG, etc.), by permanent representatives selected for their technical and sector-specific expertise, their experience in corporate governance, and their strong convictions aligned with ISALT\u2019s values.<\/h4>\n<p>&nbsp;<\/p>\n<p>These permanent representatives form a community of experts who, under the guidance of ISALT, collaborate to implement best governance practices. Together, they contribute to building a shared foundation of knowledge and experience within the firm.<\/p>\n<p>&nbsp;<\/p>\n<p>Their involvement also enhances the collective expertise of the boards and brings significant added value to their work.<br \/>\n[\/vc_column_text][\/qode_elements_holder_item][\/qode_elements_holder][\/vc_column][\/vc_row][vc_row css_animation=&#8221;&#8221; row_type=&#8221;row&#8221; use_row_as_full_screen_section=&#8221;no&#8221; type=&#8221;full_width&#8221; angled_section=&#8221;no&#8221; text_align=&#8221;left&#8221; background_image_as_pattern=&#8221;without_pattern&#8221; z_index=&#8221;&#8221;][vc_column][qode_elements_holder number_of_columns=&#8221;one_column&#8221;][qode_elements_holder_item advanced_animations=&#8221;no&#8221; item_padding=&#8221;140px 0 0 0&#8243; item_padding_480=&#8221;30px 0 0 0&#8243;][\/qode_elements_holder_item][\/qode_elements_holder][\/vc_column][\/vc_row][vc_row css_animation=&#8221;&#8221; row_type=&#8221;row&#8221; use_row_as_full_screen_section=&#8221;no&#8221; type=&#8221;full_width&#8221; angled_section=&#8221;no&#8221; text_align=&#8221;left&#8221; background_image_as_pattern=&#8221;without_pattern&#8221; z_index=&#8221;&#8221; background_color=&#8221;#ffffff&#8221;][vc_column][qode_elements_holder number_of_columns=&#8221;one_column&#8221;][qode_elements_holder_item advanced_animations=&#8221;no&#8221; item_padding=&#8221;120px 0 0 0&#8243; item_padding_480=&#8221;30px 0 0 0&#8243;][\/qode_elements_holder_item][\/qode_elements_holder][\/vc_column][\/vc_row][vc_row css_animation=&#8221;&#8221; row_type=&#8221;row&#8221; use_row_as_full_screen_section=&#8221;no&#8221; type=&#8221;grid&#8221; angled_section=&#8221;no&#8221; text_align=&#8221;left&#8221; background_image_as_pattern=&#8221;without_pattern&#8221; z_index=&#8221;&#8221; css=&#8221;.vc_custom_1645648253864{padding-top: 50px !important;}&#8221; background_color=&#8221;#ffffff&#8221;][vc_column offset=&#8221;vc_col-xs-12&#8243;][qode_elements_holder number_of_columns=&#8221;two_columns&#8221; columns_proportion=&#8221;25_75&#8243; alignment_one_column=&#8221;left&#8221;][qode_elements_holder_item vertical_alignment=&#8221;top&#8221; horizontal_alignment=&#8221;right&#8221; advanced_animations=&#8221;no&#8221; item_padding_480=&#8221;0px 30% 20px 20px&#8221; item_padding_480_600=&#8221;0px 30% 20px 20px&#8221;][vc_single_image image=&#8221;1832&#8243; img_size=&#8221;full&#8221; style=&#8221;vc_box_shadow_3d&#8221; css=&#8221;&#8221; qode_css_animation=&#8221;&#8221;][\/qode_elements_holder_item][qode_elements_holder_item vertical_alignment=&#8221;top&#8221; advanced_animations=&#8221;no&#8221; item_padding=&#8221;0px 0% 30px 10%&#8221; item_padding_480=&#8221;0 20px 0px 20px&#8221;][vc_column_text css=&#8221;&#8221;]<\/p>\n<h3 style=\"color: #002c4c;\">Robertet<\/h3>\n<p>[\/vc_column_text][vc_column_text css=&#8221;&#8221;]<\/p>\n<h4>Guy Talbourdet<\/h4>\n<p>[\/vc_column_text][vc_separator type=&#8221;small&#8221; position=&#8221;left&#8221; thickness=&#8221;4&#8243; up=&#8221;20&#8243; down=&#8221;30&#8243; color=&#8221;#002c4c&#8221; width=&#8221;200px&#8221;][vc_column_text css=&#8221;&#8221;]<em><b>Industry, Innovation<\/b><\/em><\/p>\n<p>&nbsp;<\/p>\n<p>Guy Talbourdet has been CEO of Delachaux since 2013, an international family-owned group specializing in critical technical solutions for infrastructure.<\/p>\n<p>&nbsp;<\/p>\n<p>With over 30 years of experience across diverse industrial sectors such as automotive, food, and rail, he has successfully led transformation, growth, and internationalization initiatives, particularly in Asia and North America.<\/p>\n<p>&nbsp;<\/p>\n<p>A graduate of HEC and holder of a DESCF, Guy Talbourdet held executive positions at Valeo, Faurecia, and Roquette Fr\u00e8res before joining Delachaux Group, where he combines industrial expertise, entrepreneurial culture, and long-term strategic vision. His expertise covers family business management, financial communication, governance, and CSR, which he actively integrates into Delachaux\u2019s strategy. He is also Vice President and Treasurer of the French Railway Industry Federation (FIF), demonstrating his active involvement in the national industrial ecosystem.<\/p>\n<p>&nbsp;<\/p>\n<p>Guy Talbourdet represents the FSP on Robertet\u2019s Board of Directors as a director.[\/vc_column_text][vc_separator type=&#8221;small&#8221; position=&#8221;left&#8221; thickness=&#8221;4&#8243; up=&#8221;40&#8243; down=&#8221;20&#8243; color=&#8221;#232323&#8243; width=&#8221;200px&#8221;][\/qode_elements_holder_item][\/qode_elements_holder][\/vc_column][\/vc_row][vc_row css_animation=&#8221;&#8221; row_type=&#8221;row&#8221; use_row_as_full_screen_section=&#8221;no&#8221; type=&#8221;grid&#8221; angled_section=&#8221;no&#8221; text_align=&#8221;left&#8221; background_image_as_pattern=&#8221;without_pattern&#8221; z_index=&#8221;&#8221; css=&#8221;.vc_custom_1645648253864{padding-top: 50px !important;}&#8221; background_color=&#8221;#ffffff&#8221;][vc_column offset=&#8221;vc_col-xs-12&#8243;][qode_elements_holder number_of_columns=&#8221;two_columns&#8221; columns_proportion=&#8221;25_75&#8243; alignment_one_column=&#8221;left&#8221;][qode_elements_holder_item vertical_alignment=&#8221;top&#8221; horizontal_alignment=&#8221;right&#8221; advanced_animations=&#8221;no&#8221; item_padding_480=&#8221;0px 30% 20px 20px&#8221; item_padding_480_600=&#8221;0px 30% 20px 20px&#8221;][vc_single_image image=&#8221;1821&#8243; img_size=&#8221;full&#8221; style=&#8221;vc_box_shadow_3d&#8221; qode_css_animation=&#8221;&#8221;][\/qode_elements_holder_item][qode_elements_holder_item vertical_alignment=&#8221;top&#8221; advanced_animations=&#8221;no&#8221; item_padding=&#8221;0px 0% 30px 10%&#8221; item_padding_480=&#8221;0 20px 0px 20px&#8221;][vc_column_text]<\/p>\n<h3 style=\"color: #002c4c;\">Groupe SEB<\/h3>\n<p>[\/vc_column_text][vc_column_text]<\/p>\n<h4>Catherine Pourre<\/h4>\n<p>[\/vc_column_text][vc_separator type=&#8221;small&#8221; position=&#8221;left&#8221; thickness=&#8221;4&#8243; up=&#8221;20&#8243; down=&#8221;30&#8243; color=&#8221;#002c4c&#8221; width=&#8221;200px&#8221;][vc_column_text css=&#8221;&#8221;]<em><b>Real Estate, Discretionary Consumption, International, Audit and Finance<br \/>\n<\/b><\/em><\/p>\n<p>&nbsp;<\/p>\n<p>Catherine Pourre is a director and Chair of the Audit Committee of Cr\u00e9dit Agricole SA and a director of B\u00e9n\u00e9teau S.A. She also served as a director of Quadient (formerly Neopost) from 2010 to 2018.<\/p>\n<p>&nbsp;<\/p>\n<p>Catherine began her career in audit at PriceWaterHouseCoopers, where she was a partner from 1989 to 1999, then joined Cap Gemini EY as Managing Director in charge of the \u201cHigh Growth Middle Market\u201d and as a member of the Executive Committee for France. In 2002, she joined Unibail as Deputy CEO responsible for finance, IT, HR, organization, and real estate engineering. Following the 2007 merger of Unibail and Rodamco, Catherine became Director General of the group\u2019s central functions, serving on the management board until 2013.<\/p>\n<p>&nbsp;<\/p>\n<p>A graduate of ESSEC, Catherine holds a Chartered Accounting and Law degree from the Catholic University of Paris. She is also an accomplished offshore sailor in Class 40 monohull competitions and chaired the National Offshore Racing Union (UNCL) from 2013 to 2015.<\/p>\n<p>&nbsp;<\/p>\n<p><em>Catherine Pourre represents the FSP on SEB S.A.\u2019s Board of Directors as a director.<\/em>[\/vc_column_text][vc_separator type=&#8221;small&#8221; position=&#8221;left&#8221; thickness=&#8221;4&#8243; up=&#8221;40&#8243; down=&#8221;20&#8243; color=&#8221;#232323&#8243; width=&#8221;200px&#8221;][\/qode_elements_holder_item][\/qode_elements_holder][\/vc_column][\/vc_row][vc_row css_animation=&#8221;&#8221; row_type=&#8221;row&#8221; use_row_as_full_screen_section=&#8221;no&#8221; type=&#8221;grid&#8221; angled_section=&#8221;no&#8221; text_align=&#8221;left&#8221; background_image_as_pattern=&#8221;without_pattern&#8221; z_index=&#8221;&#8221; background_color=&#8221;#ffffff&#8221; css=&#8221;.vc_custom_1645559451539{padding-top: 60px !important;}&#8221;][vc_column offset=&#8221;vc_col-xs-12&#8243;][qode_elements_holder number_of_columns=&#8221;two_columns&#8221; columns_proportion=&#8221;25_75&#8243; alignment_one_column=&#8221;left&#8221;][qode_elements_holder_item vertical_alignment=&#8221;top&#8221; horizontal_alignment=&#8221;right&#8221; advanced_animations=&#8221;no&#8221; item_padding_480=&#8221;0px 30% 20px 20px&#8221;][vc_single_image image=&#8221;1822&#8243; img_size=&#8221;full&#8221; style=&#8221;vc_box_shadow_3d&#8221; qode_css_animation=&#8221;&#8221;][\/qode_elements_holder_item][qode_elements_holder_item vertical_alignment=&#8221;top&#8221; advanced_animations=&#8221;no&#8221; item_padding=&#8221;0px 0% 30px 10%&#8221; item_padding_480=&#8221;0 20px 0px 20px&#8221;][vc_column_text]<\/p>\n<h3 style=\"color: #002c4c;\">Arkema<\/h3>\n<p>[\/vc_column_text][vc_column_text]<\/p>\n<h4>Isabelle Boccon-Gibod<\/h4>\n<p>[\/vc_column_text][vc_separator type=&#8221;small&#8221; position=&#8221;left&#8221; thickness=&#8221;4&#8243; up=&#8221;20&#8243; down=&#8221;30&#8243; color=&#8221;#002c4c&#8221; width=&#8221;200px&#8221;][vc_column_text css=&#8221;&#8221;]<em><b>Industry, Chemistry, Advanced Materials, Circular Economy<br \/>\n<\/b><\/em><\/p>\n<p>&nbsp;<\/p>\n<p>Isabelle Boccon-Gibod is a director of listed companies Legrand S.A., Constellium Inc., and GTT, and serves on the boards of unlisted companies Arc and Paprec.<\/p>\n<p>&nbsp;<\/p>\n<p>She began her career in 1991 at International Papers, reaching the position of Director of Business Development and Strategy for Europe. She continued in the paper sector as Executive Vice President of Arjowiggins and Executive Director of Sequana. Isabelle also chaired Copacel (French Union of Paper, Cardboard, and Pulp Industries) until 2013 and served as Vice President of MEDEF\u2019s Economic Commission until 2018.<\/p>\n<p>&nbsp;<\/p>\n<p>An engineer by training, Isabelle graduated from \u00c9cole Centrale Paris and Columbia University (USA). She contributed to \u00c9cole Centrale Paris as Head of the Industrial Engineering Master in 2005-2006 and to CentraleSup\u00e9lec\u2019s RSE and Supply Chain Master Class in 2020-2021. She is also a photographer and writer.<\/p>\n<p>&nbsp;<\/p>\n<p><em>Isabelle Boccon-Gibod represents the FSP on Arkema S.A.\u2019s Board of Directors as a director.<\/em>[\/vc_column_text][vc_separator type=&#8221;small&#8221; position=&#8221;left&#8221; thickness=&#8221;4&#8243; up=&#8221;40&#8243; down=&#8221;20&#8243; color=&#8221;#232323&#8243; width=&#8221;200px&#8221;][\/qode_elements_holder_item][\/qode_elements_holder][\/vc_column][\/vc_row][vc_row css_animation=&#8221;&#8221; row_type=&#8221;row&#8221; use_row_as_full_screen_section=&#8221;no&#8221; type=&#8221;grid&#8221; angled_section=&#8221;no&#8221; text_align=&#8221;left&#8221; background_image_as_pattern=&#8221;without_pattern&#8221; z_index=&#8221;&#8221; background_color=&#8221;#ffffff&#8221; css=&#8221;.vc_custom_1645559451539{padding-top: 60px !important;}&#8221;][vc_column offset=&#8221;vc_col-xs-12&#8243;][qode_elements_holder number_of_columns=&#8221;two_columns&#8221; columns_proportion=&#8221;25_75&#8243; alignment_one_column=&#8221;left&#8221;][qode_elements_holder_item vertical_alignment=&#8221;top&#8221; horizontal_alignment=&#8221;right&#8221; advanced_animations=&#8221;no&#8221; item_padding_480=&#8221;0px 30% 20px 20px&#8221;][vc_single_image image=&#8221;1824&#8243; img_size=&#8221;full&#8221; style=&#8221;vc_box_shadow_3d&#8221; qode_css_animation=&#8221;&#8221;][\/qode_elements_holder_item][qode_elements_holder_item vertical_alignment=&#8221;top&#8221; advanced_animations=&#8221;no&#8221; item_padding=&#8221;0px 0% 30px 10%&#8221; item_padding_480=&#8221;0 20px 0px 20px&#8221;][vc_column_text]<\/p>\n<h3 style=\"color: #002c4c;\">Eutelsat Communications<\/h3>\n<p>[\/vc_column_text][vc_column_text]<\/p>\n<h4>Agn\u00e8s Audier<\/h4>\n<p>[\/vc_column_text][vc_separator type=&#8221;small&#8221; position=&#8221;left&#8221; thickness=&#8221;4&#8243; up=&#8221;20&#8243; down=&#8221;30&#8243; color=&#8221;#002c4c&#8221; width=&#8221;200px&#8221;][vc_column_text css=&#8221;&#8221;]<strong><em>Innovative Industries, Technological and Digital Transformation, Health<br \/>\n<\/em><\/strong><\/p>\n<p>&nbsp;<\/p>\n<p>Agn\u00e8s Audier is a director of Worldline and Cr\u00e9dit Agricole SA and President of SOS Seniors, a non-profit managing nursing homes.<\/p>\n<p>&nbsp;<\/p>\n<p>A former partner at Boston Consulting Group until 2018, Agn\u00e8s is now a corporate director and senior advisor at BCG, specializing in digital, ecological, and societal transformation. Over 25 years, she has worked in innovation, technology, and social impact across infrastructure, industry, and health sectors. Before BCG, she worked at Vivendi as EVP of Group Strategy and Development and as General Manager of the Internet and Technology division, and held senior roles at Havas, Simone Veil\u2019s ministerial cabinet, and Jean-Pierre Raffarin\u2019s cabinet.<\/p>\n<p>&nbsp;<\/p>\n<p>Agn\u00e8s Audier is an alumna of \u00c9cole Normale Sup\u00e9rieure (ENS), a chief engineer in the French Corps des Mines, and holds a degree from Sciences Po Paris, as well as a DEA in Material Science and a physics agr\u00e9gation.<\/p>\n<p>&nbsp;<\/p>\n<p><em>Agn\u00e8s Audier represents the FSP on Eutelsat Communications\u2019 Board of Directors.<\/em>[\/vc_column_text][vc_separator type=&#8221;small&#8221; position=&#8221;left&#8221; thickness=&#8221;4&#8243; up=&#8221;40&#8243; down=&#8221;20&#8243; color=&#8221;#232323&#8243; width=&#8221;200px&#8221;][\/qode_elements_holder_item][\/qode_elements_holder][\/vc_column][\/vc_row][vc_row css_animation=&#8221;&#8221; row_type=&#8221;row&#8221; use_row_as_full_screen_section=&#8221;no&#8221; type=&#8221;grid&#8221; angled_section=&#8221;no&#8221; text_align=&#8221;left&#8221; background_image_as_pattern=&#8221;without_pattern&#8221; z_index=&#8221;&#8221; background_color=&#8221;#ffffff&#8221; css=&#8221;.vc_custom_1641829255813{padding-top: 60px !important;}&#8221;][vc_column offset=&#8221;vc_col-xs-12&#8243;][qode_elements_holder number_of_columns=&#8221;two_columns&#8221; columns_proportion=&#8221;25_75&#8243; alignment_one_column=&#8221;left&#8221;][qode_elements_holder_item vertical_alignment=&#8221;top&#8221; horizontal_alignment=&#8221;right&#8221; advanced_animations=&#8221;no&#8221; item_padding_480=&#8221;0px 30% 20px 20px&#8221;][vc_single_image image=&#8221;1825&#8243; img_size=&#8221;full&#8221; style=&#8221;vc_box_shadow_3d&#8221; qode_css_animation=&#8221;&#8221;][\/qode_elements_holder_item][qode_elements_holder_item vertical_alignment=&#8221;top&#8221; advanced_animations=&#8221;no&#8221; item_padding=&#8221;0px 0% 30px 10%&#8221; item_padding_480=&#8221;0 20px 0px 20px&#8221;][vc_column_text]<\/p>\n<h3 style=\"color: #002c4c;\">Tikehau Capital<\/h3>\n<p>[\/vc_column_text][vc_column_text]<\/p>\n<h4>Florence Lustman<\/h4>\n<p>[\/vc_column_text][vc_separator type=&#8221;small&#8221; position=&#8221;left&#8221; thickness=&#8221;4&#8243; up=&#8221;20&#8243; down=&#8221;30&#8243; color=&#8221;#232323&#8243; width=&#8221;200px&#8221;][vc_column_text css=&#8221;&#8221;]<em><strong>Insurance, Financial Services<br \/>\n<\/strong><\/em><\/p>\n<p>&nbsp;<\/p>\n<p>Since 2019, Florence Lustman has been President of France Assureurs (formerly FFA), representing all insurance and reinsurance companies in France, totaling 247 firms and over 99% of the French market.<\/p>\n<p>&nbsp;<\/p>\n<p>Florence began her career as Insurance Commissioner at the Insurance Control Commission and a member of the IASB Standard Advisory Committee. In 2000, she became Secretary General of the Insurance Control Commission, overseeing all services and leading the Control Corps. From 2007, she joined La Banque Postale\u2019s general inspection, becoming CFO in 2014. She was also Vice President of the Alzheimer Scientific Cooperation Foundation, leading interministerial oversight for the French Finance Inspectorate.<\/p>\n<p>&nbsp;<\/p>\n<p>Florence Lustman graduated from \u00c9cole Polytechnique and Sciences Po Paris and holds a diploma from the French Actuaries Institute (IAF).<\/p>\n<p>&nbsp;<\/p>\n<p><em>She represents the FSP on the Supervisory Board of Tikehau Capital S.C.A. and on the Board of Directors of Tikehau Capital Advisors S.A.S. as a director.<\/em>[\/vc_column_text][vc_separator type=&#8221;small&#8221; position=&#8221;left&#8221; thickness=&#8221;4&#8243; up=&#8221;40&#8243; down=&#8221;20&#8243; color=&#8221;#232323&#8243; width=&#8221;200px&#8221;][\/qode_elements_holder_item][\/qode_elements_holder][\/vc_column][\/vc_row][vc_row css_animation=&#8221;&#8221; row_type=&#8221;row&#8221; use_row_as_full_screen_section=&#8221;no&#8221; type=&#8221;grid&#8221; angled_section=&#8221;no&#8221; text_align=&#8221;left&#8221; background_image_as_pattern=&#8221;without_pattern&#8221; z_index=&#8221;&#8221; background_color=&#8221;#ffffff&#8221; css=&#8221;.vc_custom_1630580504999{padding-top: 60px !important;}&#8221;][vc_column offset=&#8221;vc_col-xs-12&#8243;][qode_elements_holder number_of_columns=&#8221;two_columns&#8221; columns_proportion=&#8221;25_75&#8243; alignment_one_column=&#8221;left&#8221;][qode_elements_holder_item vertical_alignment=&#8221;top&#8221; horizontal_alignment=&#8221;right&#8221; advanced_animations=&#8221;no&#8221; item_padding_480=&#8221;0px 30% 20px 20px&#8221;][vc_single_image image=&#8221;1827&#8243; img_size=&#8221;full&#8221; style=&#8221;vc_box_shadow_3d&#8221; qode_css_animation=&#8221;&#8221;][vc_separator type=&#8221;transparent&#8221; thickness=&#8221;1&#8243; up=&#8221;20&#8243; down=&#8221;0&#8243;][\/qode_elements_holder_item][qode_elements_holder_item vertical_alignment=&#8221;middle&#8221; advanced_animations=&#8221;no&#8221; item_padding=&#8221;0px 0% 30px 10%&#8221; item_padding_480=&#8221;0 20px 0px 20px&#8221;][vc_column_text]<\/p>\n<h3 style=\"color: #002c4c;\">Valeo<\/h3>\n<p>[\/vc_column_text][vc_column_text]<\/p>\n<h4>Julie Avrane<\/h4>\n<p>[\/vc_column_text][vc_separator type=&#8221;small&#8221; position=&#8221;left&#8221; thickness=&#8221;4&#8243; up=&#8221;20&#8243; down=&#8221;30&#8243; color=&#8221;#232323&#8243; width=&#8221;200px&#8221;][vc_column_text css=&#8221;&#8221;]<em><b>Advanced Industries, Industrial Transformations, Digital, Innovation<br \/>\n<\/b><\/em><\/p>\n<p>&nbsp;<\/p>\n<p>Julie Avrane is a director of Valeo, UnibailRodamcoWestfield, Bureau Veritas, and the Monnoyeur family group.<\/p>\n<p>&nbsp;<\/p>\n<p>She advises investors and supports startup\/scale-up or mid-sized company leaders on strategy, organization, and investor relations.<br \/>\nA senior associate at McKinsey &amp; Company Paris until June 2020, Julie led the advanced industries practice in France (electronics, aerospace &amp; defense, automotive, and assembly industries) and co-led the global high-tech practice. She specializes in tech, defense, aerospace, and mobility sectors, focusing on strategy, growth, M&amp;A, post-merger integration, and large-scale transformation.<br \/>\nJulie Avrane graduated from \u00c9cole Nationale Sup\u00e9rieure des T\u00e9l\u00e9communications de Paris, Coll\u00e8ge des Ing\u00e9nieurs, and INSEAD.<\/p>\n<p>&nbsp;<\/p>\n<p><em>She represents the FSP on Valeo\u2019s Board of Directors as a director.<\/em>[\/vc_column_text][vc_separator type=&#8221;small&#8221; position=&#8221;left&#8221; thickness=&#8221;4&#8243; up=&#8221;40&#8243; down=&#8221;20&#8243; color=&#8221;#232323&#8243; width=&#8221;200px&#8221;][\/qode_elements_holder_item][\/qode_elements_holder][\/vc_column][\/vc_row][vc_row css_animation=&#8221;&#8221; row_type=&#8221;row&#8221; use_row_as_full_screen_section=&#8221;no&#8221; type=&#8221;grid&#8221; angled_section=&#8221;no&#8221; text_align=&#8221;left&#8221; background_image_as_pattern=&#8221;without_pattern&#8221; z_index=&#8221;&#8221; background_color=&#8221;#ffffff&#8221; css=&#8221;.vc_custom_1630580504999{padding-top: 60px !important;}&#8221;][vc_column offset=&#8221;vc_col-xs-12&#8243;][qode_elements_holder number_of_columns=&#8221;two_columns&#8221; columns_proportion=&#8221;25_75&#8243; alignment_one_column=&#8221;left&#8221;][qode_elements_holder_item vertical_alignment=&#8221;top&#8221; horizontal_alignment=&#8221;left&#8221; advanced_animations=&#8221;no&#8221; item_padding_480=&#8221;0px 30% 20px 20px&#8221;][vc_single_image image=&#8221;1830&#8243; img_size=&#8221;full&#8221; style=&#8221;vc_box_shadow_3d&#8221; qode_css_animation=&#8221;&#8221;][vc_separator type=&#8221;transparent&#8221; thickness=&#8221;1&#8243; up=&#8221;20&#8243; down=&#8221;0&#8243;][\/qode_elements_holder_item][qode_elements_holder_item vertical_alignment=&#8221;middle&#8221; advanced_animations=&#8221;no&#8221; item_padding=&#8221;0px 0% 30px 10%&#8221; item_padding_480=&#8221;0 20px 0px 20px&#8221;][vc_column_text]<\/p>\n<h3 style=\"color: #002c4c;\">Soitec<\/h3>\n<p>[\/vc_column_text][vc_column_text]<\/p>\n<h4>Laurence Delpy<\/h4>\n<p>[\/vc_column_text][vc_separator type=&#8221;small&#8221; position=&#8221;left&#8221; thickness=&#8221;4&#8243; up=&#8221;20&#8243; down=&#8221;30&#8243; color=&#8221;#232323&#8243; width=&#8221;200px&#8221;][vc_column_text css=&#8221;&#8221;]<em><b>Telecommunications, Cybersecurity, Technology, Connectivity<br \/>\n<\/b><\/em><\/p>\n<p>&nbsp;<\/p>\n<p>Laurence Delpy joined Eutelsat Communications in September 2022 as CEO of the Video Business Unit and executive committee member. She has extensive experience managing telecommunications businesses in both Asia and Europe.<\/p>\n<p>&nbsp;<\/p>\n<p>Previously, she was Vice President of Service Provider Business for EMEA at Palo Alto Networks, and held senior positions at Nokia and Alcatel-Lucent in Asia-Pacific and Japan, where she lived and worked for 25 years.<\/p>\n<p>&nbsp;<\/p>\n<p>Laurence holds a degree from \u00c9cole Sup\u00e9rieure de Gestion, Paris, an MBA, and a General Management Certificate from INSEAD, Singapore.<\/p>\n<p>&nbsp;<\/p>\n<p><em>She represents the FSP on Soitec\u2019s Board of Directors.<\/em>[\/vc_column_text][vc_separator type=&#8221;small&#8221; position=&#8221;left&#8221; thickness=&#8221;4&#8243; up=&#8221;40&#8243; down=&#8221;20&#8243; color=&#8221;#232323&#8243; width=&#8221;200px&#8221;][\/qode_elements_holder_item][\/qode_elements_holder][\/vc_column][\/vc_row][vc_row css_animation=&#8221;&#8221; row_type=&#8221;row&#8221; use_row_as_full_screen_section=&#8221;no&#8221; type=&#8221;full_width&#8221; angled_section=&#8221;no&#8221; text_align=&#8221;left&#8221; background_image_as_pattern=&#8221;without_pattern&#8221; z_index=&#8221;&#8221; background_color=&#8221;#ffffff&#8221;][vc_column][qode_elements_holder number_of_columns=&#8221;one_column&#8221;][qode_elements_holder_item advanced_animations=&#8221;no&#8221; item_padding=&#8221;160px 0 0 0&#8243; item_padding_480=&#8221;80px 0 0 0&#8243;][\/qode_elements_holder_item][\/qode_elements_holder][\/vc_column][\/vc_row]<\/p>\n<\/div>","protected":false},"excerpt":{"rendered":"<p>[vc_row css_animation=&#8221;&#8221; row_type=&#8221;row&#8221; use_row_as_full_screen_section=&#8221;no&#8221; type=&#8221;full_width&#8221; angled_section=&#8221;no&#8221; text_align=&#8221;left&#8221; background_image_as_pattern=&#8221;without_pattern&#8221; z_index=&#8221;&#8221;][vc_column][qode_elements_holder number_of_columns=&#8221;one_column&#8221;][qode_elements_holder_item advanced_animations=&#8221;no&#8221; item_padding=&#8221;120px 0 0 0&#8243; item_padding_480=&#8221;30px 0 0 0&#8243;][\/qode_elements_holder_item][\/qode_elements_holder][\/vc_column][\/vc_row][vc_row css_animation=&#8221;&#8221; row_type=&#8221;row&#8221; use_row_as_full_screen_section=&#8221;no&#8221; type=&#8221;full_width&#8221; angled_section=&#8221;no&#8221; text_align=&#8221;center&#8221; background_image_as_pattern=&#8221;without_pattern&#8221; z_index=&#8221;&#8221;][vc_column][qode_elements_holder number_of_columns=&#8221;one_column&#8221;][qode_elements_holder_item vertical_alignment=&#8221;middle&#8221; horizontal_alignment=&#8221;center&#8221; advanced_animations=&#8221;no&#8221; item_padding=&#8221;0px 25%&#8221; item_padding_480=&#8221;30px 20px 0px 20px&#8221;][vc_column_text css=&#8221;&#8221;] A Community of Experts\u2028 [\/vc_column_text][vc_separator type=&#8221;transparent&#8221; thickness=&#8221;1&#8243;&#8230;<\/p>\n","protected":false},"author":1,"featured_media":0,"parent":1790,"menu_order":0,"comment_status":"closed","ping_status":"closed","template":"full_width.php","meta":{"_acf_changed":false,"footnotes":""},"class_list":["post-1819","page","type-page","status-publish","hentry"],"acf":[],"aioseo_notices":[],"_links":{"self":[{"href":"https:\/\/www.isalt-gestion.com\/en\/wp-json\/wp\/v2\/pages\/1819","targetHints":{"allow":["GET"]}}],"collection":[{"href":"https:\/\/www.isalt-gestion.com\/en\/wp-json\/wp\/v2\/pages"}],"about":[{"href":"https:\/\/www.isalt-gestion.com\/en\/wp-json\/wp\/v2\/types\/page"}],"author":[{"embeddable":true,"href":"https:\/\/www.isalt-gestion.com\/en\/wp-json\/wp\/v2\/users\/1"}],"replies":[{"embeddable":true,"href":"https:\/\/www.isalt-gestion.com\/en\/wp-json\/wp\/v2\/comments?post=1819"}],"version-history":[{"count":3,"href":"https:\/\/www.isalt-gestion.com\/en\/wp-json\/wp\/v2\/pages\/1819\/revisions"}],"predecessor-version":[{"id":1836,"href":"https:\/\/www.isalt-gestion.com\/en\/wp-json\/wp\/v2\/pages\/1819\/revisions\/1836"}],"up":[{"embeddable":true,"href":"https:\/\/www.isalt-gestion.com\/en\/wp-json\/wp\/v2\/pages\/1790"}],"wp:attachment":[{"href":"https:\/\/www.isalt-gestion.com\/en\/wp-json\/wp\/v2\/media?parent=1819"}],"curies":[{"name":"wp","href":"https:\/\/api.w.org\/{rel}","templated":true}]}}